{"id":2281,"date":"2018-12-27T05:13:33","date_gmt":"2018-12-27T05:13:33","guid":{"rendered":"http:\/\/localhost\/projects\/wp\/exhibz\/?page_id=15"},"modified":"2026-02-17T11:27:09","modified_gmt":"2026-02-17T10:27:09","slug":"home-2","status":"publish","type":"page","link":"https:\/\/lagrandesemaine-vosges.fr\/","title":{"rendered":"Accueil"},"content":{"rendered":"\t\t<div data-elementor-type=\"wp-post\" data-elementor-id=\"2281\" class=\"elementor elementor-2281\">\n\t\t\t\t\t\t<section class=\"elementor-section elementor-top-section elementor-element elementor-element-44f7cf8 elementor-section-height-min-height elementor-section-boxed elementor-section-height-default elementor-section-items-middle\" data-id=\"44f7cf8\" data-element_type=\"section\" data-settings=\"{&quot;background_background&quot;:&quot;classic&quot;}\">\n\t\t\t\t\t\t\t<div class=\"elementor-background-overlay\"><\/div>\n\t\t\t\t\t\t\t<div class=\"elementor-container elementor-column-gap-default\">\n\t\t\t\t\t<div class=\"elementor-column elementor-col-33 elementor-top-column elementor-element elementor-element-ee573d3\" data-id=\"ee573d3\" data-element_type=\"column\">\n\t\t\t<div class=\"elementor-widget-wrap\">\n\t\t\t\t\t\t\t<\/div>\n\t\t<\/div>\n\t\t\t\t<div class=\"elementor-column elementor-col-33 elementor-top-column elementor-element elementor-element-4340e5a\" data-id=\"4340e5a\" data-element_type=\"column\">\n\t\t\t<div class=\"elementor-widget-wrap elementor-element-populated\">\n\t\t\t\t\t<div class=\"elementor-background-overlay\"><\/div>\n\t\t\t\t<div class=\"elementor-element elementor-element-be1fc7e e-grid e-con-full e-con e-parent\" data-id=\"be1fc7e\" data-element_type=\"container\">\n\t\t\t\t<div class=\"elementor-element elementor-element-6cf0a32 elementor-widget elementor-widget-image\" data-id=\"6cf0a32\" data-element_type=\"widget\" data-settings=\"{&quot;ekit_we_effect_on&quot;:&quot;none&quot;}\" data-widget_type=\"image.default\">\n\t\t\t\t<div class=\"elementor-widget-container\">\n\t\t\t\t\t\t\t\t\t\t\t\t\t\t\t<img fetchpriority=\"high\" decoding=\"async\" width=\"500\" height=\"188\" src=\"https:\/\/lagrandesemaine-vosges.fr\/wp-content\/uploads\/2025\/09\/medef-vosges.png\" class=\"attachment-large size-large wp-image-2505\" alt=\"\" srcset=\"https:\/\/lagrandesemaine-vosges.fr\/wp-content\/uploads\/2025\/09\/medef-vosges.png 500w, https:\/\/lagrandesemaine-vosges.fr\/wp-content\/uploads\/2025\/09\/medef-vosges-300x113.png 300w\" sizes=\"(max-width: 500px) 100vw, 500px\" \/>\t\t\t\t\t\t\t\t\t\t\t\t\t\t\t<\/div>\n\t\t\t\t<\/div>\n\t\t\t\t<div class=\"elementor-element elementor-element-1797218 elementor-widget elementor-widget-image\" data-id=\"1797218\" data-element_type=\"widget\" data-settings=\"{&quot;ekit_we_effect_on&quot;:&quot;none&quot;}\" data-widget_type=\"image.default\">\n\t\t\t\t<div class=\"elementor-widget-container\">\n\t\t\t\t\t\t\t\t\t\t\t\t\t\t\t<img decoding=\"async\" width=\"500\" height=\"188\" src=\"https:\/\/lagrandesemaine-vosges.fr\/wp-content\/uploads\/2025\/09\/medef-ge.png\" class=\"attachment-large size-large wp-image-2506\" alt=\"\" srcset=\"https:\/\/lagrandesemaine-vosges.fr\/wp-content\/uploads\/2025\/09\/medef-ge.png 500w, https:\/\/lagrandesemaine-vosges.fr\/wp-content\/uploads\/2025\/09\/medef-ge-300x113.png 300w\" sizes=\"(max-width: 500px) 100vw, 500px\" \/>\t\t\t\t\t\t\t\t\t\t\t\t\t\t\t<\/div>\n\t\t\t\t<\/div>\n\t\t\t\t<\/div>\n\t\t\t\t<div class=\"elementor-element elementor-element-28b23f0 elementor-widget elementor-widget-text-editor\" data-id=\"28b23f0\" data-element_type=\"widget\" data-settings=\"{&quot;ekit_we_effect_on&quot;:&quot;none&quot;}\" data-widget_type=\"text-editor.default\">\n\t\t\t\t<div class=\"elementor-widget-container\">\n\t\t\t\t\t\t\t\t\t<p><strong>DU 05 AU 9 OCT 2026<\/strong><\/p>\t\t\t\t\t\t\t\t<\/div>\n\t\t\t\t<\/div>\n\t\t\t\t<div class=\"elementor-element elementor-element-a29aae2 elementor-widget elementor-widget-heading\" data-id=\"a29aae2\" data-element_type=\"widget\" data-settings=\"{&quot;ekit_we_effect_on&quot;:&quot;none&quot;}\" data-widget_type=\"heading.default\">\n\t\t\t\t<div class=\"elementor-widget-container\">\n\t\t\t\t\t<h2 class=\"elementor-heading-title elementor-size-default\">2<sup>\u00e8me<\/sup> \u00c9DITION \nDE LA\nGRANDE\nSEMAINE\nDE\n<br \/>\n<br \/><\/h2>\t\t\t\t<\/div>\n\t\t\t\t<\/div>\n\t\t\t\t<div class=\"elementor-element elementor-element-5e80a34 elementor-widget elementor-widget-image\" data-id=\"5e80a34\" data-element_type=\"widget\" data-settings=\"{&quot;ekit_we_effect_on&quot;:&quot;none&quot;}\" data-widget_type=\"image.default\">\n\t\t\t\t<div class=\"elementor-widget-container\">\n\t\t\t\t\t\t\t\t\t\t\t\t\t\t\t<img decoding=\"async\" width=\"768\" height=\"419\" src=\"https:\/\/lagrandesemaine-vosges.fr\/wp-content\/uploads\/2025\/01\/economiemedef-768x419.png\" class=\"attachment-medium_large size-medium_large wp-image-2336\" alt=\"\" srcset=\"https:\/\/lagrandesemaine-vosges.fr\/wp-content\/uploads\/2025\/01\/economiemedef-768x419.png 768w, https:\/\/lagrandesemaine-vosges.fr\/wp-content\/uploads\/2025\/01\/economiemedef-300x164.png 300w, https:\/\/lagrandesemaine-vosges.fr\/wp-content\/uploads\/2025\/01\/economiemedef-1024x559.png 1024w, https:\/\/lagrandesemaine-vosges.fr\/wp-content\/uploads\/2025\/01\/economiemedef-1536x838.png 1536w, https:\/\/lagrandesemaine-vosges.fr\/wp-content\/uploads\/2025\/01\/economiemedef-2048x1118.png 2048w\" sizes=\"(max-width: 768px) 100vw, 768px\" \/>\t\t\t\t\t\t\t\t\t\t\t\t\t\t\t<\/div>\n\t\t\t\t<\/div>\n\t\t\t\t<div class=\"elementor-element elementor-element-fdc01f2 elementor-widget elementor-widget-heading\" data-id=\"fdc01f2\" data-element_type=\"widget\" data-settings=\"{&quot;ekit_we_effect_on&quot;:&quot;none&quot;}\" data-widget_type=\"heading.default\">\n\t\t\t\t<div class=\"elementor-widget-container\">\n\t\t\t\t\t<h2 class=\"elementor-heading-title elementor-size-default\">PAR LE MEDEF VOSGES<\/h2>\t\t\t\t<\/div>\n\t\t\t\t<\/div>\n\t\t\t\t<div class=\"elementor-element elementor-element-50d8efb elementor-widget elementor-widget-spacer\" data-id=\"50d8efb\" data-element_type=\"widget\" data-settings=\"{&quot;ekit_we_effect_on&quot;:&quot;none&quot;}\" data-widget_type=\"spacer.default\">\n\t\t\t\t<div class=\"elementor-widget-container\">\n\t\t\t\t\t\t\t<div class=\"elementor-spacer\">\n\t\t\t<div class=\"elementor-spacer-inner\"><\/div>\n\t\t<\/div>\n\t\t\t\t\t\t<\/div>\n\t\t\t\t<\/div>\n\t\t\t\t<div class=\"elementor-element elementor-element-33666f1 elementor-align-center elementor-widget elementor-widget-button\" data-id=\"33666f1\" data-element_type=\"widget\" data-settings=\"{&quot;ekit_we_effect_on&quot;:&quot;none&quot;}\" data-widget_type=\"button.default\">\n\t\t\t\t<div class=\"elementor-widget-container\">\n\t\t\t\t\t\t\t\t\t<div class=\"elementor-button-wrapper\">\n\t\t\t\t\t<a class=\"elementor-button elementor-button-link elementor-size-md\" href=\"https:\/\/forms.gle\/zFngGLk9gchVg5PW6\" target=\"_blank\">\n\t\t\t\t\t\t<span class=\"elementor-button-content-wrapper\">\n\t\t\t\t\t\t\t\t\t<span class=\"elementor-button-text\">S'inscrire<\/span>\n\t\t\t\t\t<\/span>\n\t\t\t\t\t<\/a>\n\t\t\t\t<\/div>\n\t\t\t\t\t\t\t\t<\/div>\n\t\t\t\t<\/div>\n\t\t\t\t\t<\/div>\n\t\t<\/div>\n\t\t\t\t<div class=\"elementor-column elementor-col-33 elementor-top-column elementor-element elementor-element-0a0abdf\" data-id=\"0a0abdf\" data-element_type=\"column\">\n\t\t\t<div class=\"elementor-widget-wrap\">\n\t\t\t\t\t\t\t<\/div>\n\t\t<\/div>\n\t\t\t\t\t<\/div>\n\t\t<\/section>\n\t\t\t\t<section class=\"elementor-section elementor-top-section elementor-element elementor-element-71bd3d2 elementor-section-boxed elementor-section-height-default elementor-section-height-default\" data-id=\"71bd3d2\" data-element_type=\"section\">\n\t\t\t\t\t\t<div class=\"elementor-container elementor-column-gap-default\">\n\t\t\t\t\t<div class=\"elementor-column elementor-col-100 elementor-top-column elementor-element elementor-element-763b9fd\" data-id=\"763b9fd\" data-element_type=\"column\">\n\t\t\t<div class=\"elementor-widget-wrap elementor-element-populated\">\n\t\t\t\t\t\t<div class=\"elementor-element elementor-element-b4c794e elementor-widget elementor-widget-exhibz-title\" data-id=\"b4c794e\" data-element_type=\"widget\" data-settings=\"{&quot;ekit_we_effect_on&quot;:&quot;none&quot;}\" data-widget_type=\"exhibz-title.default\">\n\t\t\t\t<div class=\"elementor-widget-container\">\n\t\t\t\t\t\n    <div class=\"title-section-area\">\n        <h2 class=\"section-title\">\n            <span class=\"sub-title\">DE QUOI S&#039;AGIT-IL ?<\/span>\n\t\t\t\u00c9changer et agir pour le territoire !        <\/h2>\n\t\t\t\t\t<div class=\"title-desc\"><p class=\"p1\">Port\u00e9e par le Medef Vosges, cette semaine d\u2019\u00e9changes et de r\u00e9flexion place l\u2019\u00e9conomie au centre des d\u00e9bats.<\/p><\/div>\n\t\t                    <span class=\"title-shape\">\n                  <svg xmlns='http:\/\/www.w3.org\/2000\/svg' xmlns:xlink='http:\/\/www.w3.org\/1999\/xlink' width='71px' height='11px'> <path fill-rule='evenodd' d='M59.669,10.710 L49.164,3.306 L39.428,10.681 L29.714,3.322 L20.006,10.682 L10.295,3.322 L1.185,10.228 L-0.010,8.578 L10.295,0.765 L20.006,8.125 L29.714,0.765 L39.428,8.125 L49.122,0.781 L59.680,8.223 L69.858,1.192 L70.982,2.895 L59.669,10.710 Z'\/><\/svg>\n            <\/span>\n                    <\/div><!-- Section title -->\n    \n    \n\n    \t\t\t\t<\/div>\n\t\t\t\t<\/div>\n\t\t\t\t<section class=\"elementor-section elementor-inner-section elementor-element elementor-element-523b858 elementor-section-boxed elementor-section-height-default elementor-section-height-default\" data-id=\"523b858\" data-element_type=\"section\">\n\t\t\t\t\t\t<div class=\"elementor-container elementor-column-gap-default\">\n\t\t\t\t\t<div class=\"elementor-column elementor-col-33 elementor-inner-column elementor-element elementor-element-8aae636\" data-id=\"8aae636\" data-element_type=\"column\">\n\t\t\t<div class=\"elementor-widget-wrap elementor-element-populated\">\n\t\t\t\t\t\t<div class=\"elementor-element elementor-element-2681033 elementor-view-default elementor-widget elementor-widget-icon\" data-id=\"2681033\" data-element_type=\"widget\" data-settings=\"{&quot;ekit_we_effect_on&quot;:&quot;none&quot;}\" data-widget_type=\"icon.default\">\n\t\t\t\t<div class=\"elementor-widget-container\">\n\t\t\t\t\t\t\t<div class=\"elementor-icon-wrapper\">\n\t\t\t<a class=\"elementor-icon\" href=\"#\">\n\t\t\t<i aria-hidden=\"true\" class=\"icon icon-calendar-full\"><\/i>\t\t\t<\/a>\n\t\t<\/div>\n\t\t\t\t\t\t<\/div>\n\t\t\t\t<\/div>\n\t\t\t\t<div class=\"elementor-element elementor-element-4bc402a elementor-widget elementor-widget-heading\" data-id=\"4bc402a\" data-element_type=\"widget\" data-settings=\"{&quot;ekit_we_effect_on&quot;:&quot;none&quot;}\" data-widget_type=\"heading.default\">\n\t\t\t\t<div class=\"elementor-widget-container\">\n\t\t\t\t\t<h2 class=\"elementor-heading-title elementor-size-default\">Temps forts<\/h2>\t\t\t\t<\/div>\n\t\t\t\t<\/div>\n\t\t\t\t<div class=\"elementor-element elementor-element-50e4417 elementor-widget elementor-widget-text-editor\" data-id=\"50e4417\" data-element_type=\"widget\" data-settings=\"{&quot;ekit_we_effect_on&quot;:&quot;none&quot;}\" data-widget_type=\"text-editor.default\">\n\t\t\t\t<div class=\"elementor-widget-container\">\n\t\t\t\t\t\t\t\t\t<p>Tables rondes, grands d\u00e9bats et conf\u00e9rences rythment cet \u00e9v\u00e9nement incontournable.<\/p>\t\t\t\t\t\t\t\t<\/div>\n\t\t\t\t<\/div>\n\t\t\t\t<div class=\"elementor-element elementor-element-2e089be elementor-view-default elementor-widget elementor-widget-icon\" data-id=\"2e089be\" data-element_type=\"widget\" data-settings=\"{&quot;ekit_we_effect_on&quot;:&quot;none&quot;}\" data-widget_type=\"icon.default\">\n\t\t\t\t<div class=\"elementor-widget-container\">\n\t\t\t\t\t\t\t<div class=\"elementor-icon-wrapper\">\n\t\t\t<a class=\"elementor-icon\" href=\"#\">\n\t\t\t<i aria-hidden=\"true\" class=\"icon icon-people\"><\/i>\t\t\t<\/a>\n\t\t<\/div>\n\t\t\t\t\t\t<\/div>\n\t\t\t\t<\/div>\n\t\t\t\t<div class=\"elementor-element elementor-element-e542026 elementor-widget elementor-widget-heading\" data-id=\"e542026\" data-element_type=\"widget\" data-settings=\"{&quot;ekit_we_effect_on&quot;:&quot;none&quot;}\" data-widget_type=\"heading.default\">\n\t\t\t\t<div class=\"elementor-widget-container\">\n\t\t\t\t\t<h2 class=\"elementor-heading-title elementor-size-default\">Intervenants<\/h2>\t\t\t\t<\/div>\n\t\t\t\t<\/div>\n\t\t\t\t<div class=\"elementor-element elementor-element-c353b0d elementor-widget elementor-widget-text-editor\" data-id=\"c353b0d\" data-element_type=\"widget\" data-settings=\"{&quot;ekit_we_effect_on&quot;:&quot;none&quot;}\" data-widget_type=\"text-editor.default\">\n\t\t\t\t<div class=\"elementor-widget-container\">\n\t\t\t\t\t\t\t\t\t<p>Ses intervenants locaux et nationaux: experts, entrepreneurs et acteurs \u00e9conomiques implant\u00e9s dans les Vosges.<\/p>\t\t\t\t\t\t\t\t<\/div>\n\t\t\t\t<\/div>\n\t\t\t\t\t<\/div>\n\t\t<\/div>\n\t\t\t\t<div class=\"elementor-column elementor-col-33 elementor-inner-column elementor-element elementor-element-1a22db8\" data-id=\"1a22db8\" data-element_type=\"column\" data-settings=\"{&quot;background_background&quot;:&quot;classic&quot;}\">\n\t\t\t<div class=\"elementor-widget-wrap\">\n\t\t\t\t\t\t\t<\/div>\n\t\t<\/div>\n\t\t\t\t<div class=\"elementor-column elementor-col-33 elementor-inner-column elementor-element elementor-element-db5211f\" data-id=\"db5211f\" data-element_type=\"column\">\n\t\t\t<div class=\"elementor-widget-wrap elementor-element-populated\">\n\t\t\t\t\t\t<div class=\"elementor-element elementor-element-8cc3104 elementor-view-default elementor-widget elementor-widget-icon\" data-id=\"8cc3104\" data-element_type=\"widget\" data-settings=\"{&quot;ekit_we_effect_on&quot;:&quot;none&quot;}\" data-widget_type=\"icon.default\">\n\t\t\t\t<div class=\"elementor-widget-container\">\n\t\t\t\t\t\t\t<div class=\"elementor-icon-wrapper\">\n\t\t\t<a class=\"elementor-icon\" href=\"#\">\n\t\t\t<i aria-hidden=\"true\" class=\"icon icon-checkmark-circle\"><\/i>\t\t\t<\/a>\n\t\t<\/div>\n\t\t\t\t\t\t<\/div>\n\t\t\t\t<\/div>\n\t\t\t\t<div class=\"elementor-element elementor-element-622ffd4 elementor-widget elementor-widget-heading\" data-id=\"622ffd4\" data-element_type=\"widget\" data-settings=\"{&quot;ekit_we_effect_on&quot;:&quot;none&quot;}\" data-widget_type=\"heading.default\">\n\t\t\t\t<div class=\"elementor-widget-container\">\n\t\t\t\t\t<h2 class=\"elementor-heading-title elementor-size-default\">Objectifs<\/h2>\t\t\t\t<\/div>\n\t\t\t\t<\/div>\n\t\t\t\t<div class=\"elementor-element elementor-element-edc28ca elementor-widget__width-initial elementor-widget elementor-widget-text-editor\" data-id=\"edc28ca\" data-element_type=\"widget\" data-settings=\"{&quot;ekit_we_effect_on&quot;:&quot;none&quot;}\" data-widget_type=\"text-editor.default\">\n\t\t\t\t<div class=\"elementor-widget-container\">\n\t\t\t\t\t\t\t\t\t<p>\u00c9clairer les enjeux strat\u00e9giques et renforcer la comp\u00e9titivit\u00e9 des Vosges.<\/p>\t\t\t\t\t\t\t\t<\/div>\n\t\t\t\t<\/div>\n\t\t\t\t<div class=\"elementor-element elementor-element-ec753ed elementor-view-default elementor-widget elementor-widget-icon\" data-id=\"ec753ed\" data-element_type=\"widget\" data-settings=\"{&quot;ekit_we_effect_on&quot;:&quot;none&quot;}\" data-widget_type=\"icon.default\">\n\t\t\t\t<div class=\"elementor-widget-container\">\n\t\t\t\t\t\t\t<div class=\"elementor-icon-wrapper\">\n\t\t\t<a class=\"elementor-icon\" href=\"#\">\n\t\t\t<svg aria-hidden=\"true\" class=\"e-font-icon-svg e-far-thumbs-up\" viewBox=\"0 0 512 512\" xmlns=\"http:\/\/www.w3.org\/2000\/svg\"><path d=\"M466.27 286.69C475.04 271.84 480 256 480 236.85c0-44.015-37.218-85.58-85.82-85.58H357.7c4.92-12.81 8.85-28.13 8.85-46.54C366.55 31.936 328.86 0 271.28 0c-61.607 0-58.093 94.933-71.76 108.6-22.747 22.747-49.615 66.447-68.76 83.4H32c-17.673 0-32 14.327-32 32v240c0 17.673 14.327 32 32 32h64c14.893 0 27.408-10.174 30.978-23.95 44.509 1.001 75.06 39.94 177.802 39.94 7.22 0 15.22.01 22.22.01 77.117 0 111.986-39.423 112.94-95.33 13.319-18.425 20.299-43.122 17.34-66.99 9.854-18.452 13.664-40.343 8.99-62.99zm-61.75 53.83c12.56 21.13 1.26 49.41-13.94 57.57 7.7 48.78-17.608 65.9-53.12 65.9h-37.82c-71.639 0-118.029-37.82-171.64-37.82V240h10.92c28.36 0 67.98-70.89 94.54-97.46 28.36-28.36 18.91-75.63 37.82-94.54 47.27 0 47.27 32.98 47.27 56.73 0 39.17-28.36 56.72-28.36 94.54h103.99c21.11 0 37.73 18.91 37.82 37.82.09 18.9-12.82 37.81-22.27 37.81 13.489 14.555 16.371 45.236-5.21 65.62zM88 432c0 13.255-10.745 24-24 24s-24-10.745-24-24 10.745-24 24-24 24 10.745 24 24z\"><\/path><\/svg>\t\t\t<\/a>\n\t\t<\/div>\n\t\t\t\t\t\t<\/div>\n\t\t\t\t<\/div>\n\t\t\t\t<div class=\"elementor-element elementor-element-7bf7ab4 elementor-widget elementor-widget-heading\" data-id=\"7bf7ab4\" data-element_type=\"widget\" data-settings=\"{&quot;ekit_we_effect_on&quot;:&quot;none&quot;}\" data-widget_type=\"heading.default\">\n\t\t\t\t<div class=\"elementor-widget-container\">\n\t\t\t\t\t<h2 class=\"elementor-heading-title elementor-size-default\">Opportunit\u00e9s<\/h2>\t\t\t\t<\/div>\n\t\t\t\t<\/div>\n\t\t\t\t<div class=\"elementor-element elementor-element-af3eebc elementor-widget elementor-widget-text-editor\" data-id=\"af3eebc\" data-element_type=\"widget\" data-settings=\"{&quot;ekit_we_effect_on&quot;:&quot;none&quot;}\" data-widget_type=\"text-editor.default\">\n\t\t\t\t<div class=\"elementor-widget-container\">\n\t\t\t\t\t\t\t\t\t<p>\u00c9changes entre entrepreneurs et partenaires \u00e9conomiques pour favoriser le dialogue et les opportunit\u00e9s concr\u00e8tes.<\/p>\t\t\t\t\t\t\t\t<\/div>\n\t\t\t\t<\/div>\n\t\t\t\t\t<\/div>\n\t\t<\/div>\n\t\t\t\t\t<\/div>\n\t\t<\/section>\n\t\t\t\t\t<\/div>\n\t\t<\/div>\n\t\t\t\t\t<\/div>\n\t\t<\/section>\n\t\t\t\t<section class=\"elementor-section elementor-top-section elementor-element elementor-element-da58770 elementor-section-full_width elementor-section-height-default elementor-section-height-default\" data-id=\"da58770\" data-element_type=\"section\" data-settings=\"{&quot;background_background&quot;:&quot;gradient&quot;}\">\n\t\t\t\t\t\t<div class=\"elementor-container elementor-column-gap-default\">\n\t\t\t\t\t<div class=\"elementor-column elementor-col-50 elementor-top-column elementor-element elementor-element-4337699\" data-id=\"4337699\" data-element_type=\"column\" data-settings=\"{&quot;background_background&quot;:&quot;classic&quot;}\">\n\t\t\t<div class=\"elementor-widget-wrap elementor-element-populated\">\n\t\t\t\t\t\t\t<\/div>\n\t\t<\/div>\n\t\t\t\t<div class=\"elementor-column elementor-col-50 elementor-top-column elementor-element elementor-element-4f2e3da\" data-id=\"4f2e3da\" data-element_type=\"column\" data-settings=\"{&quot;background_background&quot;:&quot;classic&quot;}\">\n\t\t\t<div class=\"elementor-widget-wrap elementor-element-populated\">\n\t\t\t\t\t<div class=\"elementor-background-overlay\"><\/div>\n\t\t\t\t\t\t<div class=\"elementor-element elementor-element-1b0b5da elementor-widget elementor-widget-heading\" data-id=\"1b0b5da\" data-element_type=\"widget\" data-settings=\"{&quot;ekit_we_effect_on&quot;:&quot;none&quot;}\" data-widget_type=\"heading.default\">\n\t\t\t\t<div class=\"elementor-widget-container\">\n\t\t\t\t\t<h3 class=\"elementor-heading-title elementor-size-default\">Contribuez \u00e0 l'avenir \u00e9conomique\ndes Vosges !<\/h3>\t\t\t\t<\/div>\n\t\t\t\t<\/div>\n\t\t\t\t<div class=\"elementor-element elementor-element-b2caaca elementor-widget elementor-widget-text-editor\" data-id=\"b2caaca\" data-element_type=\"widget\" data-settings=\"{&quot;ekit_we_effect_on&quot;:&quot;none&quot;}\" data-widget_type=\"text-editor.default\">\n\t\t\t\t<div class=\"elementor-widget-container\">\n\t\t\t\t\t\t\t\t\t<p>CONF\u00c9RENCES &#8211; D\u00c9BATS &#8211; RENCONTRES &#8211; TABLES RONDES &#8211; MOMENTS FESTIFS<\/p>\t\t\t\t\t\t\t\t<\/div>\n\t\t\t\t<\/div>\n\t\t\t\t<div class=\"elementor-element elementor-element-7c2cf7b elementor-align-left elementor-widget elementor-widget-button\" data-id=\"7c2cf7b\" data-element_type=\"widget\" data-settings=\"{&quot;ekit_we_effect_on&quot;:&quot;none&quot;}\" data-widget_type=\"button.default\">\n\t\t\t\t<div class=\"elementor-widget-container\">\n\t\t\t\t\t\t\t\t\t<div class=\"elementor-button-wrapper\">\n\t\t\t\t\t<a class=\"elementor-button elementor-button-link elementor-size-md\" href=\"https:\/\/forms.gle\/zFngGLk9gchVg5PW6\" target=\"_blank\">\n\t\t\t\t\t\t<span class=\"elementor-button-content-wrapper\">\n\t\t\t\t\t\t\t\t\t<span class=\"elementor-button-text\">S'inscrire<\/span>\n\t\t\t\t\t<\/span>\n\t\t\t\t\t<\/a>\n\t\t\t\t<\/div>\n\t\t\t\t\t\t\t\t<\/div>\n\t\t\t\t<\/div>\n\t\t\t\t\t<\/div>\n\t\t<\/div>\n\t\t\t\t\t<\/div>\n\t\t<\/section>\n\t\t\t\t<section class=\"elementor-section elementor-top-section elementor-element elementor-element-7bb58a1 elementor-section-boxed elementor-section-height-default elementor-section-height-default\" data-id=\"7bb58a1\" data-element_type=\"section\">\n\t\t\t\t\t\t<div class=\"elementor-container elementor-column-gap-default\">\n\t\t\t\t\t<div class=\"elementor-column elementor-col-100 elementor-top-column elementor-element elementor-element-eb0aa8d\" data-id=\"eb0aa8d\" data-element_type=\"column\">\n\t\t\t<div class=\"elementor-widget-wrap elementor-element-populated\">\n\t\t\t\t\t\t<section class=\"elementor-section elementor-inner-section elementor-element elementor-element-a782518 elementor-section-boxed elementor-section-height-default elementor-section-height-default\" data-id=\"a782518\" data-element_type=\"section\" id=\"programme\">\n\t\t\t\t\t\t<div class=\"elementor-container elementor-column-gap-default\">\n\t\t\t\t\t<div class=\"elementor-column elementor-col-100 elementor-inner-column elementor-element elementor-element-1fc7d8e\" data-id=\"1fc7d8e\" data-element_type=\"column\">\n\t\t\t<div class=\"elementor-widget-wrap elementor-element-populated\">\n\t\t\t\t\t\t<div class=\"elementor-element elementor-element-e682973 elementor-widget elementor-widget-exhibz-title\" data-id=\"e682973\" data-element_type=\"widget\" data-settings=\"{&quot;ekit_we_effect_on&quot;:&quot;none&quot;}\" data-widget_type=\"exhibz-title.default\">\n\t\t\t\t<div class=\"elementor-widget-container\">\n\t\t\t\t\t\n    <div class=\"title-section-area\">\n        <h2 class=\"section-title\">\n            <span class=\"sub-title\">PROGRAMME<\/span>\n\t\t\tDes soir\u00e9es &amp; journ\u00e9es th\u00e9matiques        <\/h2>\n\t\t                    <span class=\"title-shape\">\n                  <svg xmlns='http:\/\/www.w3.org\/2000\/svg' xmlns:xlink='http:\/\/www.w3.org\/1999\/xlink' width='71px' height='11px'> <path fill-rule='evenodd' d='M59.669,10.710 L49.164,3.306 L39.428,10.681 L29.714,3.322 L20.006,10.682 L10.295,3.322 L1.185,10.228 L-0.010,8.578 L10.295,0.765 L20.006,8.125 L29.714,0.765 L39.428,8.125 L49.122,0.781 L59.680,8.223 L69.858,1.192 L70.982,2.895 L59.669,10.710 Z'\/><\/svg>\n            <\/span>\n                    <\/div><!-- Section title -->\n    \n    \n\n    \t\t\t\t<\/div>\n\t\t\t\t<\/div>\n\t\t\t\t<div class=\"elementor-element elementor-element-b5028c8 elementor-widget elementor-widget-exhibz-schedule\" data-id=\"b5028c8\" data-element_type=\"widget\" data-settings=\"{&quot;ekit_we_effect_on&quot;:&quot;none&quot;}\" data-widget_type=\"exhibz-schedule.default\">\n\t\t\t\t<div class=\"elementor-widget-container\">\n\t\t\t\t\t<section class=\"ts-schedule\">\n    <div class=\"container\">\n        <div class=\"row\">\n            <div class=\"col-lg-8 mx-auto\">\n                <div class=\"ts-schedule-nav\">\n                    <ul class=\"nav nav-tabs justify-content-center\" role=\"tablist\">\n\t\t\t\t\t\t\t\t\t\t\t\t\t                                <li class=\"nav-item active\" role=\"presentation\">\n                                    <a class=\"active\" title=\"29 sept.\"\n                                       href=\"#dateb5028c81\" role=\"tab\"\n                                       data-toggle=\"tab\">\n                                        <h3>29 sept.<\/h3>\n\t\t\t\t\t\t\t\t\t\t                                            <span>Lundi<\/span>\n\t\t\t\t\t\t\t\t\t\t                                    <\/a>\n                                <\/li>\n\t\t\t\t\t\t\t\t\t\t\t\t\t\t\t\t\t\t\t\t\t                                <li class=\"nav-item\" role=\"presentation\">\n                                    <a class=\"\" title=\"30 sept.\"\n                                       href=\"#dateb5028c82\" role=\"tab\"\n                                       data-toggle=\"tab\">\n                                        <h3>30 sept.<\/h3>\n\t\t\t\t\t\t\t\t\t\t                                            <span>Mardi<\/span>\n\t\t\t\t\t\t\t\t\t\t                                    <\/a>\n                                <\/li>\n\t\t\t\t\t\t\t\t\t\t\t\t\t\t\t\t\t\t\t\t\t                                <li class=\"nav-item\" role=\"presentation\">\n                                    <a class=\"\" title=\"3 oct.\"\n                                       href=\"#dateb5028c83\" role=\"tab\"\n                                       data-toggle=\"tab\">\n                                        <h3>3 oct.<\/h3>\n\t\t\t\t\t\t\t\t\t\t                                            <span>Vendredi<\/span>\n\t\t\t\t\t\t\t\t\t\t                                    <\/a>\n                                <\/li>\n\t\t\t\t\t\t\t\t\t\t\t\t\t\t                    <\/ul>\n                    <!-- Tab panes -->\n                <\/div>\n            <\/div>\n            <!-- col end-->\n        <\/div>\n        <!-- row end-->\n        <div class=\"row\">\n            <div class=\"col-lg-12\">\n                <div class=\"tab-content schedule-tabs schedule-tabs-item\">\n\t\t\t\t\t\t\t\t\t\t\t                            <div role=\"tabpanel\" class=\"tab-pane active\"\n                                 id=\"dateb5028c81\">\n                                <ul>\n\t\t\t\t\t\t\t\t\t\t\t\t\t\t\t\t\t\t\t                                        <li>\n                                            <div class=\"schedule-listing-item  schedule-left \">\n\n\t\t\t\t\t\t\t\t\t\t\t\t                                                <span class=\"schedule-slot-time\">Salle des d\u00e9lib\u00e9rations du Conseil d\u00e9partemental - \u00c9pinal <\/span>\n                                                <div class=\"schedule-speaker\">\n\t\t\t\t\t\t\t\t\t\t\t\t\t\t\t\t\t\t\t\t\t\t\t\t\t\t\t\t\t\t\t\t\t\t\t\t\t\t\t\t                                                <\/div>\n                                                <h3 class=\"schedule-slot-title\">18h<\/h3>\n\n                                                <p>\n\t\t\t\t\t\t\t\t\t\t\t\t\t<p class=\"p1\">Politiques publiques et d\u00e9cisions \u00e9conomiques sur le territoire, les \u00e9lus et les chefs d\u2019entreprise locaux s\u2019expriment sur l\u2019impact des politiques nationales et locales envers les entreprises du territoire<\/p>                                                <\/p>\n                                            <\/div>\n                                        <\/li>\n                                        <!-- col end-->\n\t\t\t\t\t\t\t\t\t                                <\/ul>\n                                <!-- row end-->\n                            <\/div>\n                            <!-- tab pane end-->\n\t\t\t\t\t\t\t\t\t\t\t\t                            <div role=\"tabpanel\" class=\"tab-pane\"\n                                 id=\"dateb5028c82\">\n                                <ul>\n\t\t\t\t\t\t\t\t\t\t\t\t\t\t\t\t\t\t\t                                        <li>\n                                            <div class=\"schedule-listing-item  schedule-left \">\n\t\t\t\t\t\t\t\t\t\t\t\t                                                <span class=\"schedule-slot-time\">AFPA - Golbey <\/span>\n                                                <div class=\"schedule-speaker\">\n\t\t\t\t\t\t\t\t\t\t\t\t\t\t\t\t\t\t\t\t\t\t\t\t\t\t\t\t\t\t\t\t\t\t\t\t\t\t\t\t                                                <\/div>\n                                                <h3 class=\"schedule-slot-title\">15h<\/h3>\n\n                                                <p>\n\t\t\t\t\t\t\t\t\t\t\t\t\t<p class=\"p1\">Education, Formation, Apprentissage, aligner les comp\u00e9tences avec les besoins \u00e9conomiques.<\/p>                                                <\/p>\n                                            <\/div>\n                                        <\/li>\n                                        <!-- col end-->\n\t\t\t\t\t\t\t\t\t\t\t\t\t\t\t\t\t\t\t                                        <li>\n                                            <div class=\"schedule-listing-item  schedule-right \">\n\t\t\t\t\t\t\t\t\t\t\t\t                                                <span class=\"schedule-slot-time\">SDIS - Golbey <\/span>\n                                                <div class=\"schedule-speaker\">\n\t\t\t\t\t\t\t\t\t\t\t\t\t\t\t\t\t\t\t\t\t\t\t\t\t\t\t\t\t\t\t\t\t\t\t\t\t\t\t\t                                                <\/div>\n                                                <h3 class=\"schedule-slot-title\">18h<\/h3>\n\n                                                <p>\n\t\t\t\t\t\t\t\t\t\t\t\t\tS\u00e9curit\u00e9 \u00e9conomique, Sant\u00e9 et r\u00e9silience.                                                <\/p>\n                                            <\/div>\n                                        <\/li>\n                                        <!-- col end-->\n\t\t\t\t\t\t\t\t\t                                <\/ul>\n                                <!-- row end-->\n                            <\/div>\n                            <!-- tab pane end-->\n\t\t\t\t\t\t\t\t\t\t\t\t                            <div role=\"tabpanel\" class=\"tab-pane\"\n                                 id=\"dateb5028c83\">\n                                <ul>\n\t\t\t\t\t\t\t\t\t\t\t\t\t\t\t\t\t\t\t                                        <li>\n                                            <div class=\"schedule-listing-item  schedule-left \">\n\t\t\t\t\t\t\t\t\t\t\t\t                                                <span class=\"schedule-slot-time\">Quai Alpha - \u00c9pinal <\/span>\n                                                <div class=\"schedule-speaker\">\n\t\t\t\t\t\t\t\t\t\t\t\t\t\t\t\t\t\t\t\t\t\t\t\t\t\t\t\t\t\t\t\t\t\t\t\t\t\t\t\t                                                <\/div>\n                                                <h3 class=\"schedule-slot-title\">10h<\/h3>\n\n                                                <p>\n\t\t\t\t\t\t\t\t\t\t\t\t\t<p class=\"p1\">M\u00e9dias, num\u00e9rique &amp; \u00e9conomie locale.<\/p>                                                <\/p>\n                                            <\/div>\n                                        <\/li>\n                                        <!-- col end-->\n\t\t\t\t\t\t\t\t\t\t\t\t\t\t\t\t\t\t\t                                        <li>\n                                            <div class=\"schedule-listing-item  schedule-right \">\n\t\t\t\t\t\t\t\t\t\t\t\t                                                <span class=\"schedule-slot-time\">Quai Alpha - \u00c9pinal <\/span>\n                                                <div class=\"schedule-speaker\">\n\t\t\t\t\t\t\t\t\t\t\t\t\t\t\t\t\t\t\t\t\t\t\t\t\t\t\t\t\t\t\t\t\t\t\t\t\t\t\t\t                                                <\/div>\n                                                <h3 class=\"schedule-slot-title\">12h00<\/h3>\n\n                                                <p>\n\t\t\t\t\t\t\t\t\t\t\t\t\t<div class=\"\">\r\n<div class=\"\">\r\n<div class=\"\">\r\n<div class=\"\">Culture et Patrimoine (secteurs tourisme, h\u00f4tellerie restauration, patrimoine \u00e9conomique, fondation du patrimoine).<\/div>\r\n<\/div>\r\n<\/div>\r\n<\/div>                                                <\/p>\n                                            <\/div>\n                                        <\/li>\n                                        <!-- col end-->\n\t\t\t\t\t\t\t\t\t\t\t\t\t\t\t\t\t\t\t                                        <li>\n                                            <div class=\"schedule-listing-item  schedule-left \">\n\t\t\t\t\t\t\t\t\t\t\t\t                                                <span class=\"schedule-slot-time\">Maison de l\u2019Habitat et du Territoire - \u00c9pinal <\/span>\n                                                <div class=\"schedule-speaker\">\n\t\t\t\t\t\t\t\t\t\t\t\t\t\t\t\t\t\t\t\t\t\t\t\t\t\t\t\t\t\t\t\t\t\t\t\t\t\t\t\t                                                <\/div>\n                                                <h3 class=\"schedule-slot-title\">15h<\/h3>\n\n                                                <p>\n\t\t\t\t\t\t\t\t\t\t\t\t\t<div class=\"\">\r\n<div class=\"\">\r\n<div class=\"\">\r\n<div class=\"\">Les transitions \u00e9cologiques : politiques environnementales et leurs implications \u00e9conomiques.<\/div>\r\n<\/div>\r\n<\/div>\r\n<\/div>                                                <\/p>\n                                            <\/div>\n                                        <\/li>\n                                        <!-- col end-->\n\t\t\t\t\t\t\t\t\t\t\t\t\t\t\t\t\t\t\t                                        <li>\n                                            <div class=\"schedule-listing-item  schedule-right \">\n\t\t\t\t\t\t\t\t\t\t\t\t                                                <span class=\"schedule-slot-time\">Cin\u00e9ma Palace \u00c9pinal <\/span>\n                                                <div class=\"schedule-speaker\">\n\t\t\t\t\t\t\t\t\t\t\t\t\t\t\t\t\t\t\t\t\t\t\t\t\t\t\t\t\t\t\t\t\t\t\t\t\t\t\t\t                                                <\/div>\n                                                <h3 class=\"schedule-slot-title\">18h30<\/h3>\n\n                                                <p>\n\t\t\t\t\t\t\t\t\t\t\t\t\tC\u00e9r\u00e9monie de cl\u00f4ture                                                <\/p>\n                                            <\/div>\n                                        <\/li>\n                                        <!-- col end-->\n\t\t\t\t\t\t\t\t\t                                <\/ul>\n                                <!-- row end-->\n                            <\/div>\n                            <!-- tab pane end-->\n\t\t\t\t\t\t                <\/div>\n            <\/div>\n        <\/div>\n    <\/div>\n    <!-- container end-->\n<\/section>\t\t\t\t<\/div>\n\t\t\t\t<\/div>\n\t\t\t\t\t<\/div>\n\t\t<\/div>\n\t\t\t\t\t<\/div>\n\t\t<\/section>\n\t\t\t\t\t<\/div>\n\t\t<\/div>\n\t\t\t\t\t<\/div>\n\t\t<\/section>\n\t\t\t\t<section class=\"elementor-section elementor-top-section elementor-element elementor-element-8370ef3 elementor-section-boxed elementor-section-height-default elementor-section-height-default\" data-id=\"8370ef3\" data-element_type=\"section\" data-settings=\"{&quot;background_background&quot;:&quot;classic&quot;}\">\n\t\t\t\t\t\t\t<div class=\"elementor-background-overlay\"><\/div>\n\t\t\t\t\t\t\t<div class=\"elementor-container elementor-column-gap-default\">\n\t\t\t\t\t<div class=\"elementor-column elementor-col-100 elementor-top-column elementor-element elementor-element-8bcd12f\" data-id=\"8bcd12f\" data-element_type=\"column\">\n\t\t\t<div class=\"elementor-widget-wrap elementor-element-populated\">\n\t\t\t\t\t\t<div class=\"elementor-element elementor-element-ded92ba elementor-widget elementor-widget-exhibz-title\" data-id=\"ded92ba\" data-element_type=\"widget\" data-settings=\"{&quot;ekit_we_effect_on&quot;:&quot;none&quot;}\" data-widget_type=\"exhibz-title.default\">\n\t\t\t\t<div class=\"elementor-widget-container\">\n\t\t\t\t\t\n    <div class=\"title-section-area\">\n        <h2 class=\"section-title\">\n            <span class=\"sub-title\">INSCRIPTION GRATUITE<\/span>\n\t\t\t<strong>Places limit\u00e9es ! Inscrivez-vous d\u00e8s maintenant.<\/strong>        <\/h2>\n\t\t                    <span class=\"title-shape\">\n                  <svg xmlns='http:\/\/www.w3.org\/2000\/svg' xmlns:xlink='http:\/\/www.w3.org\/1999\/xlink' width='71px' height='11px'> <path fill-rule='evenodd' d='M59.669,10.710 L49.164,3.306 L39.428,10.681 L29.714,3.322 L20.006,10.682 L10.295,3.322 L1.185,10.228 L-0.010,8.578 L10.295,0.765 L20.006,8.125 L29.714,0.765 L39.428,8.125 L49.122,0.781 L59.680,8.223 L69.858,1.192 L70.982,2.895 L59.669,10.710 Z'\/><\/svg>\n            <\/span>\n                    <\/div><!-- Section title -->\n    \n    \n\n    \t\t\t\t<\/div>\n\t\t\t\t<\/div>\n\t\t\t\t<div class=\"elementor-element elementor-element-feb8395 elementor-align-center elementor-widget elementor-widget-button\" data-id=\"feb8395\" data-element_type=\"widget\" data-settings=\"{&quot;ekit_we_effect_on&quot;:&quot;none&quot;}\" data-widget_type=\"button.default\">\n\t\t\t\t<div class=\"elementor-widget-container\">\n\t\t\t\t\t\t\t\t\t<div class=\"elementor-button-wrapper\">\n\t\t\t\t\t<a class=\"elementor-button elementor-button-link elementor-size-md\" href=\"https:\/\/forms.gle\/zFngGLk9gchVg5PW6\" target=\"_blank\">\n\t\t\t\t\t\t<span class=\"elementor-button-content-wrapper\">\n\t\t\t\t\t\t\t\t\t<span class=\"elementor-button-text\">S'inscrire<\/span>\n\t\t\t\t\t<\/span>\n\t\t\t\t\t<\/a>\n\t\t\t\t<\/div>\n\t\t\t\t\t\t\t\t<\/div>\n\t\t\t\t<\/div>\n\t\t\t\t\t<\/div>\n\t\t<\/div>\n\t\t\t\t\t<\/div>\n\t\t<\/section>\n\t\t\t\t<\/div>\n\t\t","protected":false},"excerpt":{"rendered":"<p>DU 05 AU 9 OCT 2026 2\u00e8me \u00c9DITION DE LA GRANDE SEMAINE DE PAR LE MEDEF VOSGES S&rsquo;inscrire DE QUOI S&#039;AGIT-IL ? \u00c9changer et agir pour le territoire ! Port\u00e9e par le Medef Vosges, cette semaine d\u2019\u00e9changes et de r\u00e9flexion place l\u2019\u00e9conomie au centre des d\u00e9bats. Temps forts Tables rondes, grands d\u00e9bats et conf\u00e9rences rythment [&hellip;]<\/p>\n","protected":false},"author":1,"featured_media":2503,"parent":0,"menu_order":0,"comment_status":"closed","ping_status":"closed","template":"template\/homepage-template.php","meta":{"footnotes":""},"class_list":["post-2281","page","type-page","status-publish","has-post-thumbnail","hentry"],"acf":[],"yoast_head":"<!-- This site is optimized with the Yoast SEO plugin v24.3 - https:\/\/yoast.com\/wordpress\/plugins\/seo\/ -->\n<title>Accueil - La grande semaine de l&#039;\u00e9conomie - MEDEF<\/title>\n<meta name=\"robots\" content=\"index, follow, max-snippet:-1, max-image-preview:large, max-video-preview:-1\" \/>\n<link rel=\"canonical\" href=\"https:\/\/lagrandesemaine-vosges.fr\/\" \/>\n<meta property=\"og:locale\" content=\"fr_FR\" \/>\n<meta property=\"og:type\" content=\"article\" \/>\n<meta property=\"og:title\" content=\"Accueil - La grande semaine de l&#039;\u00e9conomie - MEDEF\" \/>\n<meta property=\"og:description\" content=\"DU 05 AU 9 OCT 2026 2\u00e8me \u00c9DITION DE LA GRANDE SEMAINE DE PAR LE MEDEF VOSGES S&rsquo;inscrire DE QUOI S&#039;AGIT-IL ? \u00c9changer et agir pour le territoire ! Port\u00e9e par le Medef Vosges, cette semaine d\u2019\u00e9changes et de r\u00e9flexion place l\u2019\u00e9conomie au centre des d\u00e9bats. Temps forts Tables rondes, grands d\u00e9bats et conf\u00e9rences rythment [&hellip;]\" \/>\n<meta property=\"og:url\" content=\"https:\/\/lagrandesemaine-vosges.fr\/\" \/>\n<meta property=\"og:site_name\" content=\"La grande semaine de l&#039;\u00e9conomie - MEDEF\" \/>\n<meta property=\"article:modified_time\" content=\"2026-02-17T10:27:09+00:00\" \/>\n<meta property=\"og:image\" content=\"https:\/\/lagrandesemaine-vosges.fr\/wp-content\/uploads\/2025\/08\/social-1.jpg\" \/>\n\t<meta property=\"og:image:width\" content=\"1044\" \/>\n\t<meta property=\"og:image:height\" content=\"534\" \/>\n\t<meta property=\"og:image:type\" content=\"image\/jpeg\" \/>\n<meta name=\"twitter:card\" content=\"summary_large_image\" \/>\n<meta name=\"twitter:label1\" content=\"Dur\u00e9e de lecture estim\u00e9e\" \/>\n\t<meta name=\"twitter:data1\" content=\"2 minutes\" \/>\n<script type=\"application\/ld+json\" class=\"yoast-schema-graph\">{\"@context\":\"https:\/\/schema.org\",\"@graph\":[{\"@type\":\"WebPage\",\"@id\":\"https:\/\/lagrandesemaine-vosges.fr\/\",\"url\":\"https:\/\/lagrandesemaine-vosges.fr\/\",\"name\":\"Accueil - La grande semaine de l&#039;\u00e9conomie - MEDEF\",\"isPartOf\":{\"@id\":\"https:\/\/lagrandesemaine-vosges.fr\/#website\"},\"primaryImageOfPage\":{\"@id\":\"https:\/\/lagrandesemaine-vosges.fr\/#primaryimage\"},\"image\":{\"@id\":\"https:\/\/lagrandesemaine-vosges.fr\/#primaryimage\"},\"thumbnailUrl\":\"https:\/\/lagrandesemaine-vosges.fr\/wp-content\/uploads\/2025\/08\/social-1.jpg\",\"datePublished\":\"2018-12-27T05:13:33+00:00\",\"dateModified\":\"2026-02-17T10:27:09+00:00\",\"breadcrumb\":{\"@id\":\"https:\/\/lagrandesemaine-vosges.fr\/#breadcrumb\"},\"inLanguage\":\"fr-FR\",\"potentialAction\":[{\"@type\":\"ReadAction\",\"target\":[\"https:\/\/lagrandesemaine-vosges.fr\/\"]}]},{\"@type\":\"ImageObject\",\"inLanguage\":\"fr-FR\",\"@id\":\"https:\/\/lagrandesemaine-vosges.fr\/#primaryimage\",\"url\":\"https:\/\/lagrandesemaine-vosges.fr\/wp-content\/uploads\/2025\/08\/social-1.jpg\",\"contentUrl\":\"https:\/\/lagrandesemaine-vosges.fr\/wp-content\/uploads\/2025\/08\/social-1.jpg\",\"width\":1044,\"height\":534},{\"@type\":\"BreadcrumbList\",\"@id\":\"https:\/\/lagrandesemaine-vosges.fr\/#breadcrumb\",\"itemListElement\":[{\"@type\":\"ListItem\",\"position\":1,\"name\":\"Home\",\"item\":\"https:\/\/lagrandesemaine-vosges.fr\/\"},{\"@type\":\"ListItem\",\"position\":2,\"name\":\"Accueil\"}]},{\"@type\":\"WebSite\",\"@id\":\"https:\/\/lagrandesemaine-vosges.fr\/#website\",\"url\":\"https:\/\/lagrandesemaine-vosges.fr\/\",\"name\":\"La grande semaine de l&#039;\u00e9conomie - MEDEF\",\"description\":\"Contribuez  \u00e0 l\u2019 avenir \u00e9conomique des Vosges.\",\"publisher\":{\"@id\":\"https:\/\/lagrandesemaine-vosges.fr\/#organization\"},\"potentialAction\":[{\"@type\":\"SearchAction\",\"target\":{\"@type\":\"EntryPoint\",\"urlTemplate\":\"https:\/\/lagrandesemaine-vosges.fr\/?s={search_term_string}\"},\"query-input\":{\"@type\":\"PropertyValueSpecification\",\"valueRequired\":true,\"valueName\":\"search_term_string\"}}],\"inLanguage\":\"fr-FR\"},{\"@type\":\"Organization\",\"@id\":\"https:\/\/lagrandesemaine-vosges.fr\/#organization\",\"name\":\"La grande semaine de l&#039;\u00e9conomie - MEDEF\",\"url\":\"https:\/\/lagrandesemaine-vosges.fr\/\",\"logo\":{\"@type\":\"ImageObject\",\"inLanguage\":\"fr-FR\",\"@id\":\"https:\/\/lagrandesemaine-vosges.fr\/#\/schema\/logo\/image\/\",\"url\":\"https:\/\/lagrandesemaine-vosges.fr\/wp-content\/uploads\/2025\/08\/capture-decran-2025-08-26-a-10.10.40.png\",\"contentUrl\":\"https:\/\/lagrandesemaine-vosges.fr\/wp-content\/uploads\/2025\/08\/capture-decran-2025-08-26-a-10.10.40.png\",\"width\":1270,\"height\":1030,\"caption\":\"La grande semaine de l&#039;\u00e9conomie - MEDEF\"},\"image\":{\"@id\":\"https:\/\/lagrandesemaine-vosges.fr\/#\/schema\/logo\/image\/\"}}]}<\/script>\n<!-- \/ Yoast SEO plugin. -->","yoast_head_json":{"title":"Accueil - La grande semaine de l&#039;\u00e9conomie - MEDEF","robots":{"index":"index","follow":"follow","max-snippet":"max-snippet:-1","max-image-preview":"max-image-preview:large","max-video-preview":"max-video-preview:-1"},"canonical":"https:\/\/lagrandesemaine-vosges.fr\/","og_locale":"fr_FR","og_type":"article","og_title":"Accueil - La grande semaine de l&#039;\u00e9conomie - MEDEF","og_description":"DU 05 AU 9 OCT 2026 2\u00e8me \u00c9DITION DE LA GRANDE SEMAINE DE PAR LE MEDEF VOSGES S&rsquo;inscrire DE QUOI S&#039;AGIT-IL ? \u00c9changer et agir pour le territoire ! Port\u00e9e par le Medef Vosges, cette semaine d\u2019\u00e9changes et de r\u00e9flexion place l\u2019\u00e9conomie au centre des d\u00e9bats. Temps forts Tables rondes, grands d\u00e9bats et conf\u00e9rences rythment [&hellip;]","og_url":"https:\/\/lagrandesemaine-vosges.fr\/","og_site_name":"La grande semaine de l&#039;\u00e9conomie - MEDEF","article_modified_time":"2026-02-17T10:27:09+00:00","og_image":[{"width":1044,"height":534,"url":"https:\/\/lagrandesemaine-vosges.fr\/wp-content\/uploads\/2025\/08\/social-1.jpg","type":"image\/jpeg"}],"twitter_card":"summary_large_image","twitter_misc":{"Dur\u00e9e de lecture estim\u00e9e":"2 minutes"},"schema":{"@context":"https:\/\/schema.org","@graph":[{"@type":"WebPage","@id":"https:\/\/lagrandesemaine-vosges.fr\/","url":"https:\/\/lagrandesemaine-vosges.fr\/","name":"Accueil - La grande semaine de l&#039;\u00e9conomie - MEDEF","isPartOf":{"@id":"https:\/\/lagrandesemaine-vosges.fr\/#website"},"primaryImageOfPage":{"@id":"https:\/\/lagrandesemaine-vosges.fr\/#primaryimage"},"image":{"@id":"https:\/\/lagrandesemaine-vosges.fr\/#primaryimage"},"thumbnailUrl":"https:\/\/lagrandesemaine-vosges.fr\/wp-content\/uploads\/2025\/08\/social-1.jpg","datePublished":"2018-12-27T05:13:33+00:00","dateModified":"2026-02-17T10:27:09+00:00","breadcrumb":{"@id":"https:\/\/lagrandesemaine-vosges.fr\/#breadcrumb"},"inLanguage":"fr-FR","potentialAction":[{"@type":"ReadAction","target":["https:\/\/lagrandesemaine-vosges.fr\/"]}]},{"@type":"ImageObject","inLanguage":"fr-FR","@id":"https:\/\/lagrandesemaine-vosges.fr\/#primaryimage","url":"https:\/\/lagrandesemaine-vosges.fr\/wp-content\/uploads\/2025\/08\/social-1.jpg","contentUrl":"https:\/\/lagrandesemaine-vosges.fr\/wp-content\/uploads\/2025\/08\/social-1.jpg","width":1044,"height":534},{"@type":"BreadcrumbList","@id":"https:\/\/lagrandesemaine-vosges.fr\/#breadcrumb","itemListElement":[{"@type":"ListItem","position":1,"name":"Home","item":"https:\/\/lagrandesemaine-vosges.fr\/"},{"@type":"ListItem","position":2,"name":"Accueil"}]},{"@type":"WebSite","@id":"https:\/\/lagrandesemaine-vosges.fr\/#website","url":"https:\/\/lagrandesemaine-vosges.fr\/","name":"La grande semaine de l&#039;\u00e9conomie - MEDEF","description":"Contribuez  \u00e0 l\u2019 avenir \u00e9conomique des Vosges.","publisher":{"@id":"https:\/\/lagrandesemaine-vosges.fr\/#organization"},"potentialAction":[{"@type":"SearchAction","target":{"@type":"EntryPoint","urlTemplate":"https:\/\/lagrandesemaine-vosges.fr\/?s={search_term_string}"},"query-input":{"@type":"PropertyValueSpecification","valueRequired":true,"valueName":"search_term_string"}}],"inLanguage":"fr-FR"},{"@type":"Organization","@id":"https:\/\/lagrandesemaine-vosges.fr\/#organization","name":"La grande semaine de l&#039;\u00e9conomie - MEDEF","url":"https:\/\/lagrandesemaine-vosges.fr\/","logo":{"@type":"ImageObject","inLanguage":"fr-FR","@id":"https:\/\/lagrandesemaine-vosges.fr\/#\/schema\/logo\/image\/","url":"https:\/\/lagrandesemaine-vosges.fr\/wp-content\/uploads\/2025\/08\/capture-decran-2025-08-26-a-10.10.40.png","contentUrl":"https:\/\/lagrandesemaine-vosges.fr\/wp-content\/uploads\/2025\/08\/capture-decran-2025-08-26-a-10.10.40.png","width":1270,"height":1030,"caption":"La grande semaine de l&#039;\u00e9conomie - MEDEF"},"image":{"@id":"https:\/\/lagrandesemaine-vosges.fr\/#\/schema\/logo\/image\/"}}]}},"_links":{"self":[{"href":"https:\/\/lagrandesemaine-vosges.fr\/index.php?rest_route=\/wp\/v2\/pages\/2281","targetHints":{"allow":["GET"]}}],"collection":[{"href":"https:\/\/lagrandesemaine-vosges.fr\/index.php?rest_route=\/wp\/v2\/pages"}],"about":[{"href":"https:\/\/lagrandesemaine-vosges.fr\/index.php?rest_route=\/wp\/v2\/types\/page"}],"author":[{"embeddable":true,"href":"https:\/\/lagrandesemaine-vosges.fr\/index.php?rest_route=\/wp\/v2\/users\/1"}],"replies":[{"embeddable":true,"href":"https:\/\/lagrandesemaine-vosges.fr\/index.php?rest_route=%2Fwp%2Fv2%2Fcomments&post=2281"}],"version-history":[{"count":86,"href":"https:\/\/lagrandesemaine-vosges.fr\/index.php?rest_route=\/wp\/v2\/pages\/2281\/revisions"}],"predecessor-version":[{"id":2529,"href":"https:\/\/lagrandesemaine-vosges.fr\/index.php?rest_route=\/wp\/v2\/pages\/2281\/revisions\/2529"}],"wp:featuredmedia":[{"embeddable":true,"href":"https:\/\/lagrandesemaine-vosges.fr\/index.php?rest_route=\/wp\/v2\/media\/2503"}],"wp:attachment":[{"href":"https:\/\/lagrandesemaine-vosges.fr\/index.php?rest_route=%2Fwp%2Fv2%2Fmedia&parent=2281"}],"curies":[{"name":"wp","href":"https:\/\/api.w.org\/{rel}","templated":true}]}}